{"id":139,"date":"2021-02-13T17:55:39","date_gmt":"2021-02-13T17:55:39","guid":{"rendered":"http:\/\/staging.lachnerhof.de\/?page_id=139"},"modified":"2021-02-26T15:28:39","modified_gmt":"2021-02-26T15:28:39","slug":"langzeitvermietung","status":"publish","type":"page","link":"https:\/\/www.lachnerhof.de\/?page_id=139","title":{"rendered":"Zimmer zur Langzeitvermietung"},"content":{"rendered":"\n<h3 class=\"has-text-color wp-block-heading\" style=\"color:#25620f\"><strong>Zimmer zur Langzeitvermietung<\/strong><\/h3>\n\n\n\n<h3 class=\"wp-block-heading\"><strong>Komfort-Zimmer und Wohnungen<\/strong><\/h3>\n\n\n\n<div class=\"wp-block-media-text alignwide is-stacked-on-mobile\"><figure class=\"wp-block-media-text__media\"><img loading=\"lazy\" decoding=\"async\" width=\"1024\" height=\"683\" src=\"http:\/\/staging.lachnerhof.de\/wp-content\/uploads\/2021\/02\/IMG_9412-1024x683.jpg\" alt=\"Zimmer Langzeit\" class=\"wp-image-319 size-full\" srcset=\"https:\/\/www.lachnerhof.de\/wp-content\/uploads\/2021\/02\/IMG_9412-1024x683.jpg 1024w, https:\/\/www.lachnerhof.de\/wp-content\/uploads\/2021\/02\/IMG_9412-300x200.jpg 300w, https:\/\/www.lachnerhof.de\/wp-content\/uploads\/2021\/02\/IMG_9412-768x512.jpg 768w, https:\/\/www.lachnerhof.de\/wp-content\/uploads\/2021\/02\/IMG_9412-2048x1365.jpg 2048w\" sizes=\"auto, (max-width: 1024px) 100vw, 1024px\" \/><\/figure><div class=\"wp-block-media-text__content\">\n<p>W\u00e4hlen Sie aus einer Vielzahl an Zimmern &amp; Wohnungen aus und beziehen Sie Ihr m\u00f6bliertes Zimmer ohne Stress. Alle Verg\u00fcnstigungen wie Zwischenreinigung, WLAN, Fernseher sind enthalten. Egal ob 1 Monat oder 12 Monate. Kontaktieren Sie uns oder besuchen Sie uns direkt vor Ort. Wir beraten Sie gerne.<\/p>\n<\/div><\/div>\n\n\n\n<p><\/p>\n\n\n\n<div class=\"alignnormal\"><div id=\"metaslider-id-584\" style=\"width: 100%;\" class=\"ml-slider-3-102-0 metaslider metaslider-flex metaslider-584 ml-slider has-dots-nav ms-theme-default\" role=\"region\" aria-label=\"Langzeitvermietung\" data-height=\"300\" data-width=\"700\">\n    <div id=\"metaslider_container_584\">\n        <div id=\"metaslider_584\">\n            <ul class='slides'>\n                <li style=\"display: block; width: 100%;\" class=\"slide-585 ms-image \" aria-roledescription=\"slide\" data-date=\"2021-02-26 15:24:06\" data-slide-type=\"image\"><img loading=\"lazy\" decoding=\"async\" src=\"https:\/\/www.lachnerhof.de\/wp-content\/uploads\/2021\/02\/IMG_9495-scaled-700x300.jpg\" height=\"300\" width=\"700\" alt=\"\" class=\"slider-584 slide-585 msDefaultImage\" title=\"Zimmer Langzeit\" \/><\/li>\n                <li style=\"display: none; width: 100%;\" class=\"slide-586 ms-image \" aria-roledescription=\"slide\" data-date=\"2021-02-26 15:24:06\" data-slide-type=\"image\"><img loading=\"lazy\" decoding=\"async\" src=\"https:\/\/www.lachnerhof.de\/wp-content\/uploads\/2021\/02\/IMG_9491-scaled-700x300.jpg\" height=\"300\" width=\"700\" alt=\"K\u00fcche Langzeitvermietung\" class=\"slider-584 slide-586 msDefaultImage\" title=\"K\u00fcche Langzeitvermietung\" \/><\/li>\n                <li style=\"display: none; width: 100%;\" class=\"slide-591 ms-image \" aria-roledescription=\"slide\" data-date=\"2021-02-26 15:24:07\" data-slide-type=\"image\"><img loading=\"lazy\" decoding=\"async\" src=\"https:\/\/www.lachnerhof.de\/wp-content\/uploads\/2021\/02\/IMG_9476-scaled-700x300.jpg\" height=\"300\" width=\"700\" alt=\"\" class=\"slider-584 slide-591 msDefaultImage\" title=\"Zimmer Langzeit\" \/><\/li>\n                <li style=\"display: none; width: 100%;\" class=\"slide-587 ms-image \" aria-roledescription=\"slide\" data-date=\"2021-02-26 15:24:06\" data-slide-type=\"image\"><img loading=\"lazy\" decoding=\"async\" src=\"https:\/\/www.lachnerhof.de\/wp-content\/uploads\/2021\/02\/IMG_9478-scaled-700x300.jpg\" height=\"300\" width=\"700\" alt=\"\" class=\"slider-584 slide-587 msDefaultImage\" title=\"Zimmer Langzeit\" \/><\/li>\n                <li style=\"display: none; width: 100%;\" class=\"slide-589 ms-image \" aria-roledescription=\"slide\" data-date=\"2021-02-26 15:24:06\" data-slide-type=\"image\"><img loading=\"lazy\" decoding=\"async\" src=\"https:\/\/www.lachnerhof.de\/wp-content\/uploads\/2021\/02\/IMG_9453-scaled-700x300.jpg\" height=\"300\" width=\"700\" alt=\"\" class=\"slider-584 slide-589 msDefaultImage\" title=\"Zimmer Langzeit\" \/><\/li>\n                <li style=\"display: none; width: 100%;\" class=\"slide-592 ms-image \" aria-roledescription=\"slide\" data-date=\"2021-02-26 15:24:07\" data-slide-type=\"image\"><img loading=\"lazy\" decoding=\"async\" src=\"https:\/\/www.lachnerhof.de\/wp-content\/uploads\/2021\/02\/IMG_9434-scaled-700x300.jpg\" height=\"300\" width=\"700\" alt=\"\" class=\"slider-584 slide-592 msDefaultImage\" title=\"Zimmer Langzeit\" \/><\/li>\n                <li style=\"display: none; width: 100%;\" class=\"slide-593 ms-image \" aria-roledescription=\"slide\" data-date=\"2021-02-26 15:24:07\" data-slide-type=\"image\"><img loading=\"lazy\" decoding=\"async\" src=\"https:\/\/www.lachnerhof.de\/wp-content\/uploads\/2021\/02\/IMG_9433-scaled-700x300.jpg\" height=\"300\" width=\"700\" alt=\"\" class=\"slider-584 slide-593 msDefaultImage\" title=\"Zimmer Langzeit\" \/><\/li>\n                <li style=\"display: none; width: 100%;\" class=\"slide-594 ms-image \" aria-roledescription=\"slide\" data-date=\"2021-02-26 15:24:07\" data-slide-type=\"image\"><img loading=\"lazy\" decoding=\"async\" src=\"https:\/\/www.lachnerhof.de\/wp-content\/uploads\/2021\/02\/IMG_9428-scaled-700x300.jpg\" height=\"300\" width=\"700\" alt=\"\" class=\"slider-584 slide-594 msDefaultImage\" title=\"Zimmer Langzeit\" \/><\/li>\n                <li style=\"display: none; width: 100%;\" class=\"slide-597 ms-image \" aria-roledescription=\"slide\" data-date=\"2021-02-26 15:24:07\" data-slide-type=\"image\"><img loading=\"lazy\" decoding=\"async\" src=\"https:\/\/www.lachnerhof.de\/wp-content\/uploads\/2021\/02\/WhatsApp-Image-2021-02-16-at-11.58.51-7-700x300.jpeg\" height=\"300\" width=\"700\" alt=\"\" class=\"slider-584 slide-597 msDefaultImage\" title=\"Zimmer Langzeit\" \/><\/li>\n                <li style=\"display: none; width: 100%;\" class=\"slide-600 ms-image \" aria-roledescription=\"slide\" data-date=\"2021-02-26 15:24:08\" data-slide-type=\"image\"><img loading=\"lazy\" decoding=\"async\" src=\"https:\/\/www.lachnerhof.de\/wp-content\/uploads\/2021\/02\/IMG_9474-scaled-700x300.jpg\" height=\"300\" width=\"700\" alt=\"\" class=\"slider-584 slide-600 msDefaultImage\" title=\"Zimmer Langzeit\" \/><\/li>\n                <li style=\"display: none; width: 100%;\" class=\"slide-595 ms-image \" aria-roledescription=\"slide\" data-date=\"2021-02-26 15:24:07\" data-slide-type=\"image\"><img loading=\"lazy\" decoding=\"async\" src=\"https:\/\/www.lachnerhof.de\/wp-content\/uploads\/2021\/02\/IMG_9427-scaled-700x300.jpg\" height=\"300\" width=\"700\" alt=\"\" class=\"slider-584 slide-595 msDefaultImage\" title=\"Zimmer Langzeit\" \/><\/li>\n            <\/ul>\n        <\/div>\n        \n    <\/div>\n<\/div><\/div>\n","protected":false},"excerpt":{"rendered":"<div class=\"entry-summary\">\nZimmer zur Langzeitvermietung Komfort-Zimmer und Wohnungen W\u00e4hlen Sie aus einer Vielzahl an&hellip;\n<\/div>\n<div class=\"link-more\"><a href=\"https:\/\/www.lachnerhof.de\/?page_id=139\" class=\"more-link\">Continue reading<span class=\"screen-reader-text\"> &ldquo;Zimmer zur Langzeitvermietung&rdquo;<\/span>&hellip;<\/a><\/div>\n","protected":false},"author":1,"featured_media":0,"parent":0,"menu_order":0,"comment_status":"closed","ping_status":"closed","template":"page-template\/_fullwidth.php","meta":{"footnotes":""},"class_list":["post-139","page","type-page","status-publish","hentry","entry"],"_links":{"self":[{"href":"https:\/\/www.lachnerhof.de\/index.php?rest_route=\/wp\/v2\/pages\/139","targetHints":{"allow":["GET"]}}],"collection":[{"href":"https:\/\/www.lachnerhof.de\/index.php?rest_route=\/wp\/v2\/pages"}],"about":[{"href":"https:\/\/www.lachnerhof.de\/index.php?rest_route=\/wp\/v2\/types\/page"}],"author":[{"embeddable":true,"href":"https:\/\/www.lachnerhof.de\/index.php?rest_route=\/wp\/v2\/users\/1"}],"replies":[{"embeddable":true,"href":"https:\/\/www.lachnerhof.de\/index.php?rest_route=%2Fwp%2Fv2%2Fcomments&post=139"}],"version-history":[{"count":7,"href":"https:\/\/www.lachnerhof.de\/index.php?rest_route=\/wp\/v2\/pages\/139\/revisions"}],"predecessor-version":[{"id":606,"href":"https:\/\/www.lachnerhof.de\/index.php?rest_route=\/wp\/v2\/pages\/139\/revisions\/606"}],"wp:attachment":[{"href":"https:\/\/www.lachnerhof.de\/index.php?rest_route=%2Fwp%2Fv2%2Fmedia&parent=139"}],"curies":[{"name":"wp","href":"https:\/\/api.w.org\/{rel}","templated":true}]}}